{"id":12546,"date":"2024-04-15T12:58:26","date_gmt":"2024-04-15T12:58:26","guid":{"rendered":"https:\/\/the-church.nl\/?page_id=12546"},"modified":"2024-04-15T12:58:26","modified_gmt":"2024-04-15T12:58:26","slug":"double-room-zugang-fuer-behinderte","status":"publish","type":"page","link":"https:\/\/the-church.nl\/de\/uebernachten\/hotelzimmer\/double-room-zugang-fuer-behinderte\/","title":{"rendered":"Double Room (Zugang f\u00fcr Behinderte)"},"content":{"rendered":"<section class=\"wpb-content-wrapper\"><p>[vc_row css_animation=&#8220;&#8220; row_type=&#8220;row&#8220; use_row_as_full_screen_section=&#8220;yes&#8220; type=&#8220;full_width&#8220; angled_section=&#8220;no&#8220; text_align=&#8220;center&#8220; background_image_as_pattern=&#8220;without_pattern&#8220; z_index=&#8220;&#8220; css=&#8220;.vc_custom_1699869692765{margin-bottom: 30px !important;}&#8220; background_image=&#8220;12250&#8243; side_padding=&#8220;10%&#8220; padding_top=&#8220;40%&#8220; padding_bottom=&#8220;40%&#8220;][vc_column css=&#8220;.vc_custom_1677753625052{padding-top: 400px !important;padding-bottom: 400px !important;}&#8220;][vc_column_text]<\/p>\n<h1 style=\"color: #ffffff; text-align: center;\">Double Room (Disability access)<\/h1>\n<p>[\/vc_column_text][vc_separator type=&#8220;small&#8220; position=&#8220;center&#8220; color=&#8220;#ffffff&#8220; transparency=&#8220;0.5&#8243; down=&#8220;35&#8243;][vc_raw_html]JTNDYSUyMGNsYXNzJTNEJTIycWJ1dHRvbiUyMGRlZmF1bHQlMjBkaXN0cmlidXRvci1vcGVuMiUyMiUzRVppbW1lciUyMGJ1Y2hlbiUzQyUyRmElM0U=[\/vc_raw_html][\/vc_column][\/vc_row][vc_row css_animation=&#8220;&#8220; row_type=&#8220;row&#8220; use_row_as_full_screen_section=&#8220;no&#8220; type=&#8220;grid&#8220; angled_section=&#8220;no&#8220; text_align=&#8220;left&#8220; background_image_as_pattern=&#8220;without_pattern&#8220; z_index=&#8220;&#8220;][vc_column][vc_column_text]<\/p>\n<p style=\"text-align: center;\">Unser ger\u00e4umiges Doppelzimmer (behindertengerecht) von \u00fcber 25m2 befindet sich im Erdgeschoss unseres ehemaligen K\u00fcsterhauses. Dieses Zimmer zeichnet sich durch die alten Ornamente, einen Natursteinkamin und eine sch\u00f6ne authentische Decke aus. Im Badezimmer sind behindertengerechte Hilfsmittel wie Toilettenhalter und ein Duschsitz vorhanden. Das Zimmer verf\u00fcgt au\u00dferdem \u00fcber Wi-Fi, einen Haartrockner, eine Klimaanlage, franz\u00f6sische Fenster und Kaffee-\/Teekocher.<\/p>\n<p>[\/vc_column_text][vc_empty_space height=&#8220;50px&#8220;][\/vc_column][\/vc_row][vc_row css_animation=&#8220;&#8220; row_type=&#8220;row&#8220; use_row_as_full_screen_section=&#8220;no&#8220; type=&#8220;grid&#8220; angled_section=&#8220;no&#8220; text_align=&#8220;left&#8220; background_image_as_pattern=&#8220;without_pattern&#8220; z_index=&#8220;&#8220;][vc_column width=&#8220;1\/3&#8243;][vc_gallery interval=&#8220;3&#8243; images=&#8220;12247,12250,12253&#8243; img_size=&#8220;500&#215;500&#8243; pause_on_hover=&#8220;yes&#8220;][\/vc_column][vc_column width=&#8220;1\/3&#8243;][vc_column_text]<strong>DOUBLE ROOM (ZUGANG F\u00dcR BEHINDERTE)<\/strong><\/p>\n<ul>\n<li>Ger\u00e4umiges Zimmer von 25 m\u00b2<\/li>\n<li>befindet sich im Erdgeschoss<\/li>\n<li>Behindertengerechte Hilfsmittel im Bad<\/li>\n<li>Alte Ornamente<\/li>\n<li>Kamin aus Naturstein<\/li>\n<li>Sch\u00f6ne authentische Decken<\/li>\n<li>Zu \u00f6ffnende Fenster<\/li>\n<li>Kaffee-\/Teezubereitungsm\u00f6glichkeiten<\/li>\n<\/ul>\n<p>[\/vc_column_text][\/vc_column][vc_column width=&#8220;1\/3&#8243;][vc_column_text]<strong>HOTELEINRICHTUNGEN<\/strong><\/p>\n<ul>\n<li>Einchecken 15:00 bis 20:00<\/li>\n<li>Auschecken bis 11:00<\/li>\n<li>Reichhaltiges Fr\u00fchst\u00fcck<\/li>\n<li>Klimaanlage in allen Zimmern<\/li>\n<li>Kostenloser WIFI-Zugang<\/li>\n<li>Bar und Aufenthaltsraum<\/li>\n<li>Kulinarisches Restaurant<\/li>\n<\/ul>\n<p>[\/vc_column_text][\/vc_column][\/vc_row][vc_row css_animation=&#8220;&#8220; row_type=&#8220;row&#8220; use_row_as_full_screen_section=&#8220;no&#8220; type=&#8220;full_width&#8220; angled_section=&#8220;no&#8220; text_align=&#8220;left&#8220; background_image_as_pattern=&#8220;without_pattern&#8220;][vc_column][vc_empty_space height=&#8220;20px&#8220;][\/vc_column][\/vc_row]<\/p>\n<\/section>","protected":false},"excerpt":{"rendered":"<p>[vc_row css_animation=&#8220;&#8220; row_type=&#8220;row&#8220; use_row_as_full_screen_section=&#8220;yes&#8220; type=&#8220;full_width&#8220; angled_section=&#8220;no&#8220; text_align=&#8220;center&#8220; background_image_as_pattern=&#8220;without_pattern&#8220; z_index=&#8220;&#8220; css=&#8220;.vc_custom_1699869692765{margin-bottom: 30px !important;}&#8220; background_image=&#8220;12250&#8243; side_padding=&#8220;10%&#8220; padding_top=&#8220;40%&#8220; padding_bottom=&#8220;40%&#8220;][vc_column css=&#8220;.vc_custom_1677753625052{padding-top: 400px !important;padding-bottom: 400px !important;}&#8220;][vc_column_text] Double Room (Disability access) [\/vc_column_text][vc_separator type=&#8220;small&#8220; position=&#8220;center&#8220; color=&#8220;#ffffff&#8220; transparency=&#8220;0.5&#8243; down=&#8220;35&#8243;][vc_raw_html]JTNDYSUyMGNsYXNzJTNEJTIycWJ1dHRvbiUyMGRlZmF1bHQlMjBkaXN0cmlidXRvci1vcGVuMiUyMiUzRVppbW1lciUyMGJ1Y2hlbiUzQyUyRmElM0U=[\/vc_raw_html][\/vc_column][\/vc_row][vc_row css_animation=&#8220;&#8220; row_type=&#8220;row&#8220; use_row_as_full_screen_section=&#8220;no&#8220; type=&#8220;grid&#8220; angled_section=&#8220;no&#8220; text_align=&#8220;left&#8220; background_image_as_pattern=&#8220;without_pattern&#8220; z_index=&#8220;&#8220;][vc_column][vc_column_text] Unser ger\u00e4umiges Doppelzimmer (behindertengerecht) von \u00fcber 25m2 befindet sich im Erdgeschoss&#8230;<\/p>\n","protected":false},"author":1,"featured_media":0,"parent":11579,"menu_order":0,"comment_status":"closed","ping_status":"closed","template":"","meta":{"footnotes":""},"class_list":["post-12546","page","type-page","status-publish","hentry"],"yoast_head":"<!-- This site is optimized with the Yoast SEO plugin v25.0 - https:\/\/yoast.com\/wordpress\/plugins\/seo\/ -->\n<title>Double Room (Zugang f\u00fcr Behinderte) - The Church<\/title>\n<meta name=\"robots\" content=\"index, follow, max-snippet:-1, max-image-preview:large, max-video-preview:-1\" \/>\n<link rel=\"canonical\" href=\"https:\/\/the-church.nl\/de\/uebernachten\/hotelzimmer\/double-room-zugang-fuer-behinderte\/\" \/>\n<meta property=\"og:locale\" content=\"de_DE\" \/>\n<meta property=\"og:type\" content=\"article\" \/>\n<meta property=\"og:title\" content=\"Double Room (Zugang f\u00fcr Behinderte) - The Church\" \/>\n<meta property=\"og:description\" content=\"[vc_row css_animation=&#8220;&#8220; row_type=&#8220;row&#8220; use_row_as_full_screen_section=&#8220;yes&#8220; type=&#8220;full_width&#8220; angled_section=&#8220;no&#8220; text_align=&#8220;center&#8220; background_image_as_pattern=&#8220;without_pattern&#8220; z_index=&#8220;&#8220; css=&#8220;.vc_custom_1699869692765{margin-bottom: 30px !important;}&#8220; background_image=&#8220;12250&#8243; side_padding=&#8220;10%&#8220; padding_top=&#8220;40%&#8220; padding_bottom=&#8220;40%&#8220;][vc_column css=&#8220;.vc_custom_1677753625052{padding-top: 400px !important;padding-bottom: 400px !important;}&#8220;][vc_column_text] Double Room (Disability access) [\/vc_column_text][vc_separator type=&#8220;small&#8220; position=&#8220;center&#8220; color=&#8220;#ffffff&#8220; transparency=&#8220;0.5&#8243; down=&#8220;35&#8243;][vc_raw_html]JTNDYSUyMGNsYXNzJTNEJTIycWJ1dHRvbiUyMGRlZmF1bHQlMjBkaXN0cmlidXRvci1vcGVuMiUyMiUzRVppbW1lciUyMGJ1Y2hlbiUzQyUyRmElM0U=[\/vc_raw_html][\/vc_column][\/vc_row][vc_row css_animation=&#8220;&#8220; row_type=&#8220;row&#8220; use_row_as_full_screen_section=&#8220;no&#8220; type=&#8220;grid&#8220; angled_section=&#8220;no&#8220; text_align=&#8220;left&#8220; background_image_as_pattern=&#8220;without_pattern&#8220; z_index=&#8220;&#8220;][vc_column][vc_column_text] Unser ger\u00e4umiges Doppelzimmer (behindertengerecht) von \u00fcber 25m2 befindet sich im Erdgeschoss...\" \/>\n<meta property=\"og:url\" content=\"https:\/\/the-church.nl\/de\/uebernachten\/hotelzimmer\/double-room-zugang-fuer-behinderte\/\" \/>\n<meta property=\"og:site_name\" content=\"The Church\" \/>\n<meta name=\"twitter:card\" content=\"summary_large_image\" \/>\n<meta name=\"twitter:label1\" content=\"Gesch\u00e4tzte Lesezeit\" \/>\n\t<meta name=\"twitter:data1\" content=\"1\u00a0Minute\" \/>\n<script type=\"application\/ld+json\" class=\"yoast-schema-graph\">{\"@context\":\"https:\/\/schema.org\",\"@graph\":[{\"@type\":\"WebPage\",\"@id\":\"https:\/\/the-church.nl\/de\/uebernachten\/hotelzimmer\/double-room-zugang-fuer-behinderte\/\",\"url\":\"https:\/\/the-church.nl\/de\/uebernachten\/hotelzimmer\/double-room-zugang-fuer-behinderte\/\",\"name\":\"Double Room (Zugang f\u00fcr Behinderte) - The Church\",\"isPartOf\":{\"@id\":\"https:\/\/the-church.nl\/de\/#website\"},\"datePublished\":\"2024-04-15T12:58:26+00:00\",\"breadcrumb\":{\"@id\":\"https:\/\/the-church.nl\/de\/uebernachten\/hotelzimmer\/double-room-zugang-fuer-behinderte\/#breadcrumb\"},\"inLanguage\":\"de\",\"potentialAction\":[{\"@type\":\"ReadAction\",\"target\":[\"https:\/\/the-church.nl\/de\/uebernachten\/hotelzimmer\/double-room-zugang-fuer-behinderte\/\"]}]},{\"@type\":\"BreadcrumbList\",\"@id\":\"https:\/\/the-church.nl\/de\/uebernachten\/hotelzimmer\/double-room-zugang-fuer-behinderte\/#breadcrumb\",\"itemListElement\":[{\"@type\":\"ListItem\",\"position\":1,\"name\":\"Home\",\"item\":\"https:\/\/the-church.nl\/de\/\"},{\"@type\":\"ListItem\",\"position\":2,\"name\":\"Schlaf\",\"item\":\"https:\/\/the-church.nl\/de\/slapen-bij\/\"},{\"@type\":\"ListItem\",\"position\":3,\"name\":\"Hotelzimmer\",\"item\":\"https:\/\/the-church.nl\/de\/slapen-bij\/hotelkamers\/\"},{\"@type\":\"ListItem\",\"position\":4,\"name\":\"Double Room (Zugang f\u00fcr Behinderte)\"}]},{\"@type\":\"WebSite\",\"@id\":\"https:\/\/the-church.nl\/de\/#website\",\"url\":\"https:\/\/the-church.nl\/de\/\",\"name\":\"The Church\",\"description\":\"Heaven for your senses\",\"potentialAction\":[{\"@type\":\"SearchAction\",\"target\":{\"@type\":\"EntryPoint\",\"urlTemplate\":\"https:\/\/the-church.nl\/de\/?s={search_term_string}\"},\"query-input\":{\"@type\":\"PropertyValueSpecification\",\"valueRequired\":true,\"valueName\":\"search_term_string\"}}],\"inLanguage\":\"de\"}]}<\/script>\n<!-- \/ Yoast SEO plugin. -->","yoast_head_json":{"title":"Double Room (Zugang f\u00fcr Behinderte) - The Church","robots":{"index":"index","follow":"follow","max-snippet":"max-snippet:-1","max-image-preview":"max-image-preview:large","max-video-preview":"max-video-preview:-1"},"canonical":"https:\/\/the-church.nl\/de\/uebernachten\/hotelzimmer\/double-room-zugang-fuer-behinderte\/","og_locale":"de_DE","og_type":"article","og_title":"Double Room (Zugang f\u00fcr Behinderte) - The Church","og_description":"[vc_row css_animation=&#8220;&#8220; row_type=&#8220;row&#8220; use_row_as_full_screen_section=&#8220;yes&#8220; type=&#8220;full_width&#8220; angled_section=&#8220;no&#8220; text_align=&#8220;center&#8220; background_image_as_pattern=&#8220;without_pattern&#8220; z_index=&#8220;&#8220; css=&#8220;.vc_custom_1699869692765{margin-bottom: 30px !important;}&#8220; background_image=&#8220;12250&#8243; side_padding=&#8220;10%&#8220; padding_top=&#8220;40%&#8220; padding_bottom=&#8220;40%&#8220;][vc_column css=&#8220;.vc_custom_1677753625052{padding-top: 400px !important;padding-bottom: 400px !important;}&#8220;][vc_column_text] Double Room (Disability access) [\/vc_column_text][vc_separator type=&#8220;small&#8220; position=&#8220;center&#8220; color=&#8220;#ffffff&#8220; transparency=&#8220;0.5&#8243; down=&#8220;35&#8243;][vc_raw_html]JTNDYSUyMGNsYXNzJTNEJTIycWJ1dHRvbiUyMGRlZmF1bHQlMjBkaXN0cmlidXRvci1vcGVuMiUyMiUzRVppbW1lciUyMGJ1Y2hlbiUzQyUyRmElM0U=[\/vc_raw_html][\/vc_column][\/vc_row][vc_row css_animation=&#8220;&#8220; row_type=&#8220;row&#8220; use_row_as_full_screen_section=&#8220;no&#8220; type=&#8220;grid&#8220; angled_section=&#8220;no&#8220; text_align=&#8220;left&#8220; background_image_as_pattern=&#8220;without_pattern&#8220; z_index=&#8220;&#8220;][vc_column][vc_column_text] Unser ger\u00e4umiges Doppelzimmer (behindertengerecht) von \u00fcber 25m2 befindet sich im Erdgeschoss...","og_url":"https:\/\/the-church.nl\/de\/uebernachten\/hotelzimmer\/double-room-zugang-fuer-behinderte\/","og_site_name":"The Church","twitter_card":"summary_large_image","twitter_misc":{"Gesch\u00e4tzte Lesezeit":"1\u00a0Minute"},"schema":{"@context":"https:\/\/schema.org","@graph":[{"@type":"WebPage","@id":"https:\/\/the-church.nl\/de\/uebernachten\/hotelzimmer\/double-room-zugang-fuer-behinderte\/","url":"https:\/\/the-church.nl\/de\/uebernachten\/hotelzimmer\/double-room-zugang-fuer-behinderte\/","name":"Double Room (Zugang f\u00fcr Behinderte) - The Church","isPartOf":{"@id":"https:\/\/the-church.nl\/de\/#website"},"datePublished":"2024-04-15T12:58:26+00:00","breadcrumb":{"@id":"https:\/\/the-church.nl\/de\/uebernachten\/hotelzimmer\/double-room-zugang-fuer-behinderte\/#breadcrumb"},"inLanguage":"de","potentialAction":[{"@type":"ReadAction","target":["https:\/\/the-church.nl\/de\/uebernachten\/hotelzimmer\/double-room-zugang-fuer-behinderte\/"]}]},{"@type":"BreadcrumbList","@id":"https:\/\/the-church.nl\/de\/uebernachten\/hotelzimmer\/double-room-zugang-fuer-behinderte\/#breadcrumb","itemListElement":[{"@type":"ListItem","position":1,"name":"Home","item":"https:\/\/the-church.nl\/de\/"},{"@type":"ListItem","position":2,"name":"Schlaf","item":"https:\/\/the-church.nl\/de\/slapen-bij\/"},{"@type":"ListItem","position":3,"name":"Hotelzimmer","item":"https:\/\/the-church.nl\/de\/slapen-bij\/hotelkamers\/"},{"@type":"ListItem","position":4,"name":"Double Room (Zugang f\u00fcr Behinderte)"}]},{"@type":"WebSite","@id":"https:\/\/the-church.nl\/de\/#website","url":"https:\/\/the-church.nl\/de\/","name":"The Church","description":"Heaven for your senses","potentialAction":[{"@type":"SearchAction","target":{"@type":"EntryPoint","urlTemplate":"https:\/\/the-church.nl\/de\/?s={search_term_string}"},"query-input":{"@type":"PropertyValueSpecification","valueRequired":true,"valueName":"search_term_string"}}],"inLanguage":"de"}]}},"_links":{"self":[{"href":"https:\/\/the-church.nl\/de\/wp-json\/wp\/v2\/pages\/12546","targetHints":{"allow":["GET"]}}],"collection":[{"href":"https:\/\/the-church.nl\/de\/wp-json\/wp\/v2\/pages"}],"about":[{"href":"https:\/\/the-church.nl\/de\/wp-json\/wp\/v2\/types\/page"}],"author":[{"embeddable":true,"href":"https:\/\/the-church.nl\/de\/wp-json\/wp\/v2\/users\/1"}],"replies":[{"embeddable":true,"href":"https:\/\/the-church.nl\/de\/wp-json\/wp\/v2\/comments?post=12546"}],"version-history":[{"count":1,"href":"https:\/\/the-church.nl\/de\/wp-json\/wp\/v2\/pages\/12546\/revisions"}],"predecessor-version":[{"id":12549,"href":"https:\/\/the-church.nl\/de\/wp-json\/wp\/v2\/pages\/12546\/revisions\/12549"}],"up":[{"embeddable":true,"href":"https:\/\/the-church.nl\/de\/wp-json\/wp\/v2\/pages\/11579"}],"wp:attachment":[{"href":"https:\/\/the-church.nl\/de\/wp-json\/wp\/v2\/media?parent=12546"}],"curies":[{"name":"wp","href":"https:\/\/api.w.org\/{rel}","templated":true}]}}